{"id":2950,"date":"2025-11-13T15:03:13","date_gmt":"2025-11-13T15:03:13","guid":{"rendered":"https:\/\/pedrosadvocats.com\/?page_id=2950"},"modified":"2025-11-13T15:15:05","modified_gmt":"2025-11-13T15:15:05","slug":"accesibilidad","status":"publish","type":"page","link":"https:\/\/pedrosadvocats.com\/es\/accesibilidad\/","title":{"rendered":"Accesibilidad"},"content":{"rendered":"\t\t<div data-elementor-type=\"wp-page\" data-elementor-id=\"2950\" class=\"elementor elementor-2950\" data-elementor-post-type=\"page\">\n\t\t\t\t<div class=\"elementor-element elementor-element-f7e021f e-flex e-con-boxed e-con e-parent\" data-id=\"f7e021f\" data-element_type=\"container\">\n\t\t\t\t\t<div class=\"e-con-inner\">\n\t\t\t\t<div class=\"elementor-element elementor-element-5eabf1a elementor-widget elementor-widget-heading\" data-id=\"5eabf1a\" data-element_type=\"widget\" data-widget_type=\"heading.default\">\n\t\t\t\t\t<h2 class=\"elementor-heading-title elementor-size-default\">DECLARACI\u00d3N DE ACCESIBILIDAD\n<\/h2>\t\t\t\t<\/div>\n\t\t\t\t<div class=\"elementor-element elementor-element-0ea596c elementor-widget elementor-widget-text-editor\" data-id=\"0ea596c\" data-element_type=\"widget\" data-widget_type=\"text-editor.default\">\n\t\t\t\t\t\t\t\t\t<div class=\"elementor-element elementor-element-36949c6a elementor-widget elementor-widget-text-editor\" data-id=\"36949c6a\" data-element_type=\"widget\" data-widget_type=\"text-editor.default\"><div class=\"elementor-widget-container\"><p><strong>RAM\u00d3N PEDR\u00d3S ARENY<\/strong> se compromete a hacer accesibles su sitio web de conformidad con el <a class=\"no-lightbox\" title=\"Web del Bolet\u00edn Oficial del Estado : Abre nueva ventana\" href=\"https:\/\/www.boe.es\/eli\/es\/rd\/2018\/09\/07\/1112\/con\" target=\"_blank\" rel=\"noopener\">Real Decreto 1112\/2018, de 7 de septiembre<img decoding=\"async\" class=\"Technositepopup\" src=\"https:\/\/www.hacienda.gob.es\/Style%20Library\/MINHAC.SP.Portal\/img\/popup.gif\" alt=\"Abre nueva ventana\" \/><\/a>, sobre accesibilidad de los sitios web y aplicaciones para dispositivos m\u00f3viles del sector p\u00fablico (en adelante, Real Decreto 1112\/2018, de 7 de septiembre).<\/p><\/div><\/div><div class=\"elementor-element elementor-element-c05e631 elementor-widget elementor-widget-text-editor\" data-id=\"c05e631\" data-element_type=\"widget\" data-widget_type=\"text-editor.default\"><div class=\"elementor-widget-container\"><p>La presente declaraci\u00f3n de accesibilidad se aplica al sitio web\u00a0<a href=\"https:\/\/pedrosadvocats.com\/\">https:\/pedrosadvocats.com<\/a>\u00a0(los subdominios de este sitio web tendr\u00e1n sus propias declaraciones de accesibilidad).<\/p><\/div><\/div>\t\t\t\t\t\t\t\t<\/div>\n\t\t\t\t<div class=\"elementor-element elementor-element-f06e21d elementor-widget elementor-widget-heading\" data-id=\"f06e21d\" data-element_type=\"widget\" data-widget_type=\"heading.default\">\n\t\t\t\t\t<h2 class=\"elementor-heading-title elementor-size-default\">Situaci\u00f3n de cumplimiento\n<\/h2>\t\t\t\t<\/div>\n\t\t\t\t<div class=\"elementor-element elementor-element-91dd5f8 elementor-widget elementor-widget-text-editor\" data-id=\"91dd5f8\" data-element_type=\"widget\" data-widget_type=\"text-editor.default\">\n\t\t\t\t\t\t\t\t\t<div class=\"elementor-element elementor-element-5940957 elementor-widget elementor-widget-text-editor\" data-id=\"5940957\" data-element_type=\"widget\" data-widget_type=\"text-editor.default\"><div class=\"elementor-widget-container\"><p>Este sitio web es\u00a0<strong>conforme<\/strong> con el Real Decreto 1112\/2018, de 7 de septiembre.<\/p><\/div><\/div>\t\t\t\t\t\t\t\t<\/div>\n\t\t\t\t<div class=\"elementor-element elementor-element-021cb46 elementor-widget elementor-widget-heading\" data-id=\"021cb46\" data-element_type=\"widget\" data-widget_type=\"heading.default\">\n\t\t\t\t\t<h2 class=\"elementor-heading-title elementor-size-default\">Preparaci\u00f3n de la presente declaraci\u00f3n de accesibilidad\n<\/h2>\t\t\t\t<\/div>\n\t\t\t\t<div class=\"elementor-element elementor-element-58d45b4 elementor-widget elementor-widget-text-editor\" data-id=\"58d45b4\" data-element_type=\"widget\" data-widget_type=\"text-editor.default\">\n\t\t\t\t\t\t\t\t\t<div class=\"elementor-element elementor-element-4f8cdf7 elementor-widget elementor-widget-text-editor\" data-id=\"4f8cdf7\" data-element_type=\"widget\" data-widget_type=\"text-editor.default\"><div class=\"elementor-widget-container\"><p>La presente declaraci\u00f3n fue preparada el 13 de noviembre de 2025.<\/p><\/div><\/div><div class=\"elementor-element elementor-element-9061826 elementor-widget elementor-widget-text-editor\" data-id=\"9061826\" data-element_type=\"widget\" data-widget_type=\"text-editor.default\"><div class=\"elementor-widget-container\"><p>El m\u00e9todo empleado para preparar la declaraci\u00f3n ha sido una autoevaluaci\u00f3n llevada a cabo\u00a0<a href=\"https:\/\/romeuprenafeta.com\/es\/\">Romeu Prenafeta<\/a>.<\/p><\/div><\/div><div class=\"elementor-element elementor-element-12c07d0 elementor-widget elementor-widget-text-editor\" data-id=\"12c07d0\" data-element_type=\"widget\" data-widget_type=\"text-editor.default\"><div class=\"elementor-widget-container\"><p>\u00daltima revisi\u00f3n de la declaraci\u00f3n: 13 de noviembre de 2025.<\/p><\/div><\/div>\t\t\t\t\t\t\t\t<\/div>\n\t\t\t\t<div class=\"elementor-element elementor-element-65e984c elementor-widget elementor-widget-heading\" data-id=\"65e984c\" data-element_type=\"widget\" data-widget_type=\"heading.default\">\n\t\t\t\t\t<h2 class=\"elementor-heading-title elementor-size-default\">Observaciones y datos de contacto\n<\/h2>\t\t\t\t<\/div>\n\t\t\t\t<div class=\"elementor-element elementor-element-ad34f76 elementor-widget elementor-widget-text-editor\" data-id=\"ad34f76\" data-element_type=\"widget\" data-widget_type=\"text-editor.default\">\n\t\t\t\t\t\t\t\t\t<div class=\"elementor-element elementor-element-33392e9 elementor-widget elementor-widget-text-editor\" data-id=\"33392e9\" data-element_type=\"widget\" data-widget_type=\"text-editor.default\"><div class=\"elementor-widget-container\"><p>Puede realizar comunicaciones sobre requisitos de accesibilidad (art\u00edculo 10.2.a) del Real Decreto 1112\/2018, de 7 de septiembre) como, por ejemplo:<\/p><\/div><\/div><div class=\"elementor-element elementor-element-6ebd073 elementor-widget elementor-widget-text-editor\" data-id=\"6ebd073\" data-element_type=\"widget\" data-widget_type=\"text-editor.default\"><div class=\"elementor-widget-container\"><ul><li>Informar sobre cualquier posible incumplimiento por parte de este sitio web.<\/li><\/ul><\/div><\/div><div class=\"elementor-element elementor-element-64ee214 elementor-widget elementor-widget-text-editor\" data-id=\"64ee214\" data-element_type=\"widget\" data-widget_type=\"text-editor.default\"><div class=\"elementor-widget-container\"><ul><li>Transmitir otras dificultades de acceso al contenido.<\/li><\/ul><\/div><\/div><div class=\"elementor-element elementor-element-b69ef80 elementor-widget elementor-widget-text-editor\" data-id=\"b69ef80\" data-element_type=\"widget\" data-widget_type=\"text-editor.default\"><div class=\"elementor-widget-container\"><ul><li>Formular cualquier otra consulta o sugerencia de mejora relativa a la accesibilidad del sitio web.<\/li><\/ul><\/div><\/div><div class=\"elementor-element elementor-element-bbc90b4 elementor-widget elementor-widget-text-editor\" data-id=\"bbc90b4\" data-element_type=\"widget\" data-widget_type=\"text-editor.default\"><div class=\"elementor-widget-container\"><p>A trav\u00e9s de las siguientes v\u00edas:<\/p><\/div><\/div><div class=\"elementor-element elementor-element-bd4622b elementor-widget elementor-widget-text-editor\" data-id=\"bd4622b\" data-element_type=\"widget\" data-widget_type=\"text-editor.default\"><div class=\"elementor-widget-container\"><ul><li>Correo electr\u00f3nico:\u00a0<\/li><\/ul><\/div><\/div><div class=\"elementor-element elementor-element-9b82d4b elementor-widget elementor-widget-text-editor\" data-id=\"9b82d4b\" data-element_type=\"widget\" data-widget_type=\"text-editor.default\"><div class=\"elementor-widget-container\"><ul><li>Tel\u00e9fono: 625 215 922<\/li><\/ul><\/div><\/div><div class=\"elementor-element elementor-element-8e4ceb3 elementor-widget elementor-widget-text-editor\" data-id=\"8e4ceb3\" data-element_type=\"widget\" data-widget_type=\"text-editor.default\"><div class=\"elementor-widget-container\"><p>Tambi\u00e9n puede solicitar en formato accesible informaci\u00f3n que no cumpla con los requisitos de accesibilidad bien por estar excluida, bien por estar exenta por carga desproporcionada; o formular una queja por incumplimiento de los requisitos de accesibilidad.<\/p><\/div><\/div><div class=\"elementor-element elementor-element-177d5c2 elementor-widget elementor-widget-text-editor\" data-id=\"177d5c2\" data-element_type=\"widget\" data-widget_type=\"text-editor.default\"><div class=\"elementor-widget-container\"><p>Las comunicaciones, solicitudes de informaci\u00f3n accesible y quejas debe dirigirlas a <strong>RAM\u00d3N PEDR\u00d3S ARENY<\/strong>, como unidad responsable de los contenidos de este sitio web.<\/p><\/div><\/div>\t\t\t\t\t\t\t\t<\/div>\n\t\t\t\t<div class=\"elementor-element elementor-element-682d1cb elementor-widget elementor-widget-heading\" data-id=\"682d1cb\" data-element_type=\"widget\" data-widget_type=\"heading.default\">\n\t\t\t\t\t<h2 class=\"elementor-heading-title elementor-size-default\">Procedimiento de aplicaci\u00f3n\n<\/h2>\t\t\t\t<\/div>\n\t\t\t\t<div class=\"elementor-element elementor-element-2e95b1e elementor-widget elementor-widget-text-editor\" data-id=\"2e95b1e\" data-element_type=\"widget\" data-widget_type=\"text-editor.default\">\n\t\t\t\t\t\t\t\t\t<div class=\"elementor-element elementor-element-8f8ea96 elementor-widget elementor-widget-text-editor\" data-id=\"8f8ea96\" data-element_type=\"widget\" data-widget_type=\"text-editor.default\"><div class=\"elementor-widget-container\"><p>A trav\u00e9s de este procedimiento podr\u00e1 iniciar una reclamaci\u00f3n para conocer y oponerse a los motivos de la desestimaci\u00f3n de una solicitud de informaci\u00f3n accesible o queja, instar la adopci\u00f3n de las medidas oportunas en el caso de no estar de acuerdo con la decisi\u00f3n adoptada, o exponer las razones por las que se considera que la respuesta no cumple con los requisitos exigidos.<\/p><\/div><\/div><div class=\"elementor-element elementor-element-8ec062a elementor-widget elementor-widget-text-editor\" data-id=\"8ec062a\" data-element_type=\"widget\" data-widget_type=\"text-editor.default\"><div class=\"elementor-widget-container\"><ul><li>Correo electr\u00f3nico: <a href=\"mailto:ramon@pedrosadvocats.com\">ramon@pedrosadvocats.com<\/a><\/li><\/ul><\/div><\/div>\t\t\t\t\t\t\t\t<\/div>\n\t\t\t\t<div class=\"elementor-element elementor-element-389eea4 elementor-widget elementor-widget-heading\" data-id=\"389eea4\" data-element_type=\"widget\" data-widget_type=\"heading.default\">\n\t\t\t\t\t<h2 class=\"elementor-heading-title elementor-size-default\">Contenido opcional\n<\/h2>\t\t\t\t<\/div>\n\t\t\t\t<div class=\"elementor-element elementor-element-878ac8e elementor-widget elementor-widget-text-editor\" data-id=\"878ac8e\" data-element_type=\"widget\" data-widget_type=\"text-editor.default\">\n\t\t\t\t\t\t\t\t\t<div class=\"elementor-element elementor-element-d067f4f elementor-widget elementor-widget-text-editor\" data-id=\"d067f4f\" data-element_type=\"widget\" data-widget_type=\"text-editor.default\"><div class=\"elementor-widget-container\"><p>La versi\u00f3n actualmente visible de este sitio web es de abril de 2023 y en esa fecha se hizo la revisi\u00f3n del nivel de accesibilidad vigente en aquel momento.<\/p><\/div><\/div><div class=\"elementor-element elementor-element-722116f elementor-widget elementor-widget-text-editor\" data-id=\"722116f\" data-element_type=\"widget\" data-widget_type=\"text-editor.default\"><div class=\"elementor-widget-container\"><p>Entre otras se adoptan las siguientes medidas para facilitar la accesibilidad:<\/p><\/div><\/div><div class=\"elementor-element elementor-element-3aae312 elementor-widget elementor-widget-text-editor\" data-id=\"3aae312\" data-element_type=\"widget\" data-widget_type=\"text-editor.default\"><div class=\"elementor-widget-container\"><ul><li>Utilizaci\u00f3n de texto alternativo en las im\u00e1genes<\/li><\/ul><\/div><\/div><div class=\"elementor-element elementor-element-1be3574 elementor-widget elementor-widget-text-editor\" data-id=\"1be3574\" data-element_type=\"widget\" data-widget_type=\"text-editor.default\"><div class=\"elementor-widget-container\"><ul><li>Los enlaces ofrecen detalles de la funci\u00f3n o destino del hiperv\u00ednculo<\/li><\/ul><\/div><\/div><div class=\"elementor-element elementor-element-8930ed5 elementor-widget elementor-widget-text-editor\" data-id=\"8930ed5\" data-element_type=\"widget\" data-widget_type=\"text-editor.default\"><div class=\"elementor-widget-container\"><ul><li>Uso de los est\u00e1ndares del W3C: XHTML 1.0, CSS 3.0, WAI AA.<\/li><\/ul><p>Puede consultar en la p\u00e1gina de Aviso Legal para qu\u00e9 navegadores y versiones est\u00e1 optimizado este sitio web.<\/p><\/div><\/div>\t\t\t\t\t\t\t\t<\/div>\n\t\t\t\t\t<\/div>\n\t\t\t\t<\/div>\n\t\t\t\t<\/div>\n\t\t","protected":false},"excerpt":{"rendered":"<p>DECLARACI\u00d3N DE ACCESIBILIDAD RAM\u00d3N PEDR\u00d3S ARENY se compromete a hacer accesibles su sitio web de conformidad con el Real Decreto 1112\/2018, de 7 de septiembre, sobre accesibilidad de los sitios web y aplicaciones para dispositivos m\u00f3viles del sector p\u00fablico (en adelante, Real Decreto 1112\/2018, de 7 de septiembre). La presente declaraci\u00f3n de accesibilidad se aplica [&hellip;]<\/p>\n","protected":false},"author":1,"featured_media":0,"parent":0,"menu_order":0,"comment_status":"closed","ping_status":"closed","template":"elementor_header_footer","meta":{"footnotes":""},"class_list":["post-2950","page","type-page","status-publish","hentry"],"yoast_head":"<!-- This site is optimized with the Yoast SEO plugin v26.8 - https:\/\/yoast.com\/product\/yoast-seo-wordpress\/ -->\n<title>Accesibilidad | Pedr\u00f3s Advocats<\/title>\n<meta name=\"robots\" content=\"index, follow, max-snippet:-1, max-image-preview:large, max-video-preview:-1\" \/>\n<link rel=\"canonical\" href=\"https:\/\/pedrosadvocats.com\/accesibilidad\/\" \/>\n<meta property=\"og:locale\" content=\"es_ES\" \/>\n<meta property=\"og:type\" content=\"article\" \/>\n<meta property=\"og:title\" content=\"Accesibilidad | Pedr\u00f3s Advocats\" \/>\n<meta property=\"og:description\" content=\"DECLARACI\u00d3N DE ACCESIBILIDAD RAM\u00d3N PEDR\u00d3S ARENY se compromete a hacer accesibles su sitio web de conformidad con el Real Decreto 1112\/2018, de 7 de septiembre, sobre accesibilidad de los sitios web y aplicaciones para dispositivos m\u00f3viles del sector p\u00fablico (en adelante, Real Decreto 1112\/2018, de 7 de septiembre). La presente declaraci\u00f3n de accesibilidad se aplica [&hellip;]\" \/>\n<meta property=\"og:url\" content=\"https:\/\/pedrosadvocats.com\/accesibilidad\/\" \/>\n<meta property=\"og:site_name\" content=\"Pedr\u00f3s Advocats\" \/>\n<meta property=\"article:publisher\" content=\"https:\/\/www.facebook.com\/pedros.advocats\" \/>\n<meta property=\"article:modified_time\" content=\"2025-11-13T15:15:05+00:00\" \/>\n<meta property=\"og:image\" content=\"https:\/\/www.hacienda.gob.es\/Style%20Library\/MINHAC.SP.Portal\/img\/popup.gif\" \/>\n<meta name=\"twitter:card\" content=\"summary_large_image\" \/>\n<meta name=\"twitter:label1\" content=\"Tiempo de lectura\" \/>\n\t<meta name=\"twitter:data1\" content=\"3 minutos\" \/>\n<script type=\"application\/ld+json\" class=\"yoast-schema-graph\">{\"@context\":\"https:\/\/schema.org\",\"@graph\":[{\"@type\":\"WebPage\",\"@id\":\"https:\/\/pedrosadvocats.com\/accesibilidad\/\",\"url\":\"https:\/\/pedrosadvocats.com\/accesibilidad\/\",\"name\":\"Accesibilidad | Pedr\u00f3s Advocats\",\"isPartOf\":{\"@id\":\"https:\/\/pedrosadvocats.com\/#website\"},\"primaryImageOfPage\":{\"@id\":\"https:\/\/pedrosadvocats.com\/accesibilidad\/#primaryimage\"},\"image\":{\"@id\":\"https:\/\/pedrosadvocats.com\/accesibilidad\/#primaryimage\"},\"thumbnailUrl\":\"https:\/\/www.hacienda.gob.es\/Style%20Library\/MINHAC.SP.Portal\/img\/popup.gif\",\"datePublished\":\"2025-11-13T15:03:13+00:00\",\"dateModified\":\"2025-11-13T15:15:05+00:00\",\"breadcrumb\":{\"@id\":\"https:\/\/pedrosadvocats.com\/accesibilidad\/#breadcrumb\"},\"inLanguage\":\"es\",\"potentialAction\":[{\"@type\":\"ReadAction\",\"target\":[\"https:\/\/pedrosadvocats.com\/accesibilidad\/\"]}]},{\"@type\":\"ImageObject\",\"inLanguage\":\"es\",\"@id\":\"https:\/\/pedrosadvocats.com\/accesibilidad\/#primaryimage\",\"url\":\"https:\/\/www.hacienda.gob.es\/Style%20Library\/MINHAC.SP.Portal\/img\/popup.gif\",\"contentUrl\":\"https:\/\/www.hacienda.gob.es\/Style%20Library\/MINHAC.SP.Portal\/img\/popup.gif\"},{\"@type\":\"BreadcrumbList\",\"@id\":\"https:\/\/pedrosadvocats.com\/accesibilidad\/#breadcrumb\",\"itemListElement\":[{\"@type\":\"ListItem\",\"position\":1,\"name\":\"Portada\",\"item\":\"https:\/\/pedrosadvocats.com\/\"},{\"@type\":\"ListItem\",\"position\":2,\"name\":\"Accesibilidad\"}]},{\"@type\":\"WebSite\",\"@id\":\"https:\/\/pedrosadvocats.com\/#website\",\"url\":\"https:\/\/pedrosadvocats.com\/\",\"name\":\"Pedr\u00f3s Advocats\",\"description\":\"\",\"publisher\":{\"@id\":\"https:\/\/pedrosadvocats.com\/#organization\"},\"potentialAction\":[{\"@type\":\"SearchAction\",\"target\":{\"@type\":\"EntryPoint\",\"urlTemplate\":\"https:\/\/pedrosadvocats.com\/?s={search_term_string}\"},\"query-input\":{\"@type\":\"PropertyValueSpecification\",\"valueRequired\":true,\"valueName\":\"search_term_string\"}}],\"inLanguage\":\"es\"},{\"@type\":\"Organization\",\"@id\":\"https:\/\/pedrosadvocats.com\/#organization\",\"name\":\"Pedr\u00f3s Advocats\",\"url\":\"https:\/\/pedrosadvocats.com\/\",\"logo\":{\"@type\":\"ImageObject\",\"inLanguage\":\"es\",\"@id\":\"https:\/\/pedrosadvocats.com\/#\/schema\/logo\/image\/\",\"url\":\"https:\/\/pedrosadvocats.com\/wp-content\/uploads\/2025\/11\/logo-1.png\",\"contentUrl\":\"https:\/\/pedrosadvocats.com\/wp-content\/uploads\/2025\/11\/logo-1.png\",\"width\":315,\"height\":77,\"caption\":\"Pedr\u00f3s Advocats\"},\"image\":{\"@id\":\"https:\/\/pedrosadvocats.com\/#\/schema\/logo\/image\/\"},\"sameAs\":[\"https:\/\/www.facebook.com\/pedros.advocats\"]}]}<\/script>\n<!-- \/ Yoast SEO plugin. -->","yoast_head_json":{"title":"Accesibilidad | Pedr\u00f3s Advocats","robots":{"index":"index","follow":"follow","max-snippet":"max-snippet:-1","max-image-preview":"max-image-preview:large","max-video-preview":"max-video-preview:-1"},"canonical":"https:\/\/pedrosadvocats.com\/accesibilidad\/","og_locale":"es_ES","og_type":"article","og_title":"Accesibilidad | Pedr\u00f3s Advocats","og_description":"DECLARACI\u00d3N DE ACCESIBILIDAD RAM\u00d3N PEDR\u00d3S ARENY se compromete a hacer accesibles su sitio web de conformidad con el Real Decreto 1112\/2018, de 7 de septiembre, sobre accesibilidad de los sitios web y aplicaciones para dispositivos m\u00f3viles del sector p\u00fablico (en adelante, Real Decreto 1112\/2018, de 7 de septiembre). La presente declaraci\u00f3n de accesibilidad se aplica [&hellip;]","og_url":"https:\/\/pedrosadvocats.com\/accesibilidad\/","og_site_name":"Pedr\u00f3s Advocats","article_publisher":"https:\/\/www.facebook.com\/pedros.advocats","article_modified_time":"2025-11-13T15:15:05+00:00","og_image":[{"url":"https:\/\/www.hacienda.gob.es\/Style%20Library\/MINHAC.SP.Portal\/img\/popup.gif","type":"","width":"","height":""}],"twitter_card":"summary_large_image","twitter_misc":{"Tiempo de lectura":"3 minutos"},"schema":{"@context":"https:\/\/schema.org","@graph":[{"@type":"WebPage","@id":"https:\/\/pedrosadvocats.com\/accesibilidad\/","url":"https:\/\/pedrosadvocats.com\/accesibilidad\/","name":"Accesibilidad | Pedr\u00f3s Advocats","isPartOf":{"@id":"https:\/\/pedrosadvocats.com\/#website"},"primaryImageOfPage":{"@id":"https:\/\/pedrosadvocats.com\/accesibilidad\/#primaryimage"},"image":{"@id":"https:\/\/pedrosadvocats.com\/accesibilidad\/#primaryimage"},"thumbnailUrl":"https:\/\/www.hacienda.gob.es\/Style%20Library\/MINHAC.SP.Portal\/img\/popup.gif","datePublished":"2025-11-13T15:03:13+00:00","dateModified":"2025-11-13T15:15:05+00:00","breadcrumb":{"@id":"https:\/\/pedrosadvocats.com\/accesibilidad\/#breadcrumb"},"inLanguage":"es","potentialAction":[{"@type":"ReadAction","target":["https:\/\/pedrosadvocats.com\/accesibilidad\/"]}]},{"@type":"ImageObject","inLanguage":"es","@id":"https:\/\/pedrosadvocats.com\/accesibilidad\/#primaryimage","url":"https:\/\/www.hacienda.gob.es\/Style%20Library\/MINHAC.SP.Portal\/img\/popup.gif","contentUrl":"https:\/\/www.hacienda.gob.es\/Style%20Library\/MINHAC.SP.Portal\/img\/popup.gif"},{"@type":"BreadcrumbList","@id":"https:\/\/pedrosadvocats.com\/accesibilidad\/#breadcrumb","itemListElement":[{"@type":"ListItem","position":1,"name":"Portada","item":"https:\/\/pedrosadvocats.com\/"},{"@type":"ListItem","position":2,"name":"Accesibilidad"}]},{"@type":"WebSite","@id":"https:\/\/pedrosadvocats.com\/#website","url":"https:\/\/pedrosadvocats.com\/","name":"Pedr\u00f3s Advocats","description":"","publisher":{"@id":"https:\/\/pedrosadvocats.com\/#organization"},"potentialAction":[{"@type":"SearchAction","target":{"@type":"EntryPoint","urlTemplate":"https:\/\/pedrosadvocats.com\/?s={search_term_string}"},"query-input":{"@type":"PropertyValueSpecification","valueRequired":true,"valueName":"search_term_string"}}],"inLanguage":"es"},{"@type":"Organization","@id":"https:\/\/pedrosadvocats.com\/#organization","name":"Pedr\u00f3s Advocats","url":"https:\/\/pedrosadvocats.com\/","logo":{"@type":"ImageObject","inLanguage":"es","@id":"https:\/\/pedrosadvocats.com\/#\/schema\/logo\/image\/","url":"https:\/\/pedrosadvocats.com\/wp-content\/uploads\/2025\/11\/logo-1.png","contentUrl":"https:\/\/pedrosadvocats.com\/wp-content\/uploads\/2025\/11\/logo-1.png","width":315,"height":77,"caption":"Pedr\u00f3s Advocats"},"image":{"@id":"https:\/\/pedrosadvocats.com\/#\/schema\/logo\/image\/"},"sameAs":["https:\/\/www.facebook.com\/pedros.advocats"]}]}},"_links":{"self":[{"href":"https:\/\/pedrosadvocats.com\/es\/wp-json\/wp\/v2\/pages\/2950","targetHints":{"allow":["GET"]}}],"collection":[{"href":"https:\/\/pedrosadvocats.com\/es\/wp-json\/wp\/v2\/pages"}],"about":[{"href":"https:\/\/pedrosadvocats.com\/es\/wp-json\/wp\/v2\/types\/page"}],"author":[{"embeddable":true,"href":"https:\/\/pedrosadvocats.com\/es\/wp-json\/wp\/v2\/users\/1"}],"replies":[{"embeddable":true,"href":"https:\/\/pedrosadvocats.com\/es\/wp-json\/wp\/v2\/comments?post=2950"}],"version-history":[{"count":16,"href":"https:\/\/pedrosadvocats.com\/es\/wp-json\/wp\/v2\/pages\/2950\/revisions"}],"predecessor-version":[{"id":2966,"href":"https:\/\/pedrosadvocats.com\/es\/wp-json\/wp\/v2\/pages\/2950\/revisions\/2966"}],"wp:attachment":[{"href":"https:\/\/pedrosadvocats.com\/es\/wp-json\/wp\/v2\/media?parent=2950"}],"curies":[{"name":"wp","href":"https:\/\/api.w.org\/{rel}","templated":true}]}}